{"id":131,"date":"2019-10-03T13:42:22","date_gmt":"2019-10-03T13:42:22","guid":{"rendered":"http:\/\/movilia.cl\/sanignacio\/?page_id=131"},"modified":"2023-08-23T11:46:42","modified_gmt":"2023-08-23T11:46:42","slug":"nuestra-historia","status":"publish","type":"page","link":"http:\/\/sanignacioconcepcion.cl\/sitio\/nosotros\/nuestra-historia\/","title":{"rendered":"Nuestra Historia"},"content":{"rendered":"<p>[vc_row thb_full_width=\u00bbtrue\u00bb thb_row_padding=\u00bbtrue\u00bb thb_column_padding=\u00bbtrue\u00bb css=\u00bb.vc_custom_1570111890857{background-image: url(http:\/\/sanignacioconcepcion.cl\/sitio\/wp-content\/uploads\/2019\/10\/banner-superior01.jpg?id=134) !important;background-position: center !important;background-repeat: no-repeat !important;background-size: cover !important;}\u00bb el_class=\u00bbbanner-superior\u00bb][vc_column][\/vc_column][\/vc_row][vc_row el_class=\u00bbcontenedor-titulo-pagina align-center\u00bb][vc_column width=\u00bb11\/12&#8243;][vc_column_text]<\/p>\n<h2>Nosotros<\/h2>\n<p>[\/vc_column_text][\/vc_column][\/vc_row][vc_row thb_full_width=\u00bbtrue\u00bb thb_row_padding=\u00bbtrue\u00bb thb_column_padding=\u00bbtrue\u00bb el_class=\u00bbbreadcrumbs-contenedor align-center\u00bb][vc_column][vc_widget_sidebar sidebar_id=\u00bbfooter6&#8243;][\/vc_column][\/vc_row][vc_row el_class=\u00bbalign-center\u00bb][vc_column width=\u00bb11\/12&#8243; el_class=\u00bbcontenedor-paginas-interiores\u00bb][vc_row_inner][vc_column_inner el_class=\u00bbmenu-lateral\u00bb width=\u00bb1\/4&#8243;][vc_widget_sidebar sidebar_id=\u00bbfooter4&#8243;][\/vc_column_inner][vc_column_inner width=\u00bb3\/4&#8243;][vc_column_text]<\/p>\n<h2>Nuestra Historia<\/h2>\n<p>[\/vc_column_text][vc_column_text]<\/p>\n<blockquote><p>\u201c136 a\u00f1os de historia, formando hombres y mujeres para los dem\u00e1s\u201d<\/p><\/blockquote>\n<p>[\/vc_column_text][vc_column_text]La preocupaci\u00f3n social por la clase obrera de la ciudad de Concepci\u00f3n dio origen a nuestro colegio el a\u00f1o 1887 de la mano del <strong>sacerdote jesuita Carlos Infante.<\/strong><\/p>\n<p>El terreno donde nace el colegio, estaba ubicado cerca de la l\u00ednea f\u00e9rrea y el patio de maniobras de ferrocarriles, lo que va a definir desde sus inicios, el tipo de alumno que va a atender. Estos provendr\u00edan de los sectores m\u00e1s populares de Concepci\u00f3n.<\/p>\n<p>La mayor\u00eda de estas familias no pod\u00edan pagar la educaci\u00f3n de sus hijos, as\u00ed que la Hermandad del Sagrado Coraz\u00f3n, fundada en 1878 por el mismo padre Infante, financiar\u00e1 la escuela, lo que le dar\u00e1 el derecho para que lleve su nombre. <strong>La Escuela del Sagrado Coraz\u00f3n abre sus aulas a estas familias el a\u00f1o 1887.<\/strong><\/p>\n<p>Sin embargo, los terremotos destruir\u00edan la escuela ubicada en calle Los Carrera, (1939 y 1960), no as\u00ed su labor educativa que continu\u00f3 en barrancones levantados para no interrumpir la educaci\u00f3n.<\/p>\n<p>En los a\u00f1os posteriores se comienza con la reconstrucci\u00f3n de la Escuela. Estos \u00faltimos trabajos ser\u00e1n liderados por el <strong>Padre Manuel Fincheira Vega s.j.<\/strong>, quien fue el Rector del Colegio desde 1942.<\/p>\n<p>Es as\u00ed como el colegio inicia el desaf\u00edo de extenderse hacia la ense\u00f1anza secundaria. Momento en que deja de llamarse Escuela del Sagrado Coraz\u00f3n, para pasar a denominarse \u201c<strong>Escuela Superior N\u00b03 San Ignacio<\/strong>\u201d, siendo inaugurada el 18 de agosto de 1946.<\/p>\n<p>En el a\u00f1o 1977, se completa la educaci\u00f3n coeducacional, bajo la rector\u00eda del Padre Jos\u00e9 Luis Davies SJ, recibiendo mujeres en todos los cursos.<\/p>\n<p>Entre 1985 y el a\u00f1o 2000, asumir\u00e1 la direcci\u00f3n del colegio el \u00faltimo jesuita que cumpla con esta labor, el <strong>Padre Carlos Hurtado s.j<\/strong>. Quien crea la primera insignia e himno del Colegio, adaptado de aquel que los Jesuitas Vascos le cantan a su santo fundador.<\/p>\n<p>Sin embargo, la obra m\u00e1s significativa del Padre Carlos en el colegio de Concepci\u00f3n, se concretar\u00e1 el a\u00f1o 1995, cuando extienda su escolaridad hasta la educaci\u00f3n media. En 1999 egresa la primera generaci\u00f3n de educaci\u00f3n media.<\/p>\n<p>Con la creaci\u00f3n de la ense\u00f1anza media, el establecimiento pas\u00f3 a llamarse \u201c<strong>Colegio San Ignacio de Concepci\u00f3n<\/strong>\u201d. Para lo cual, el sostenedor del colegio tambi\u00e9n cambia, el que recay\u00f3 en la \u201cFundaci\u00f3n San Juan del Castillo\u201d, que ser\u00e1 la sucesora natural de la Corporaci\u00f3n I\u00f1igo de Loyola. Desde entonces, los rectores tambi\u00e9n han sido laicos.<\/p>\n<p>El a\u00f1o 2000 asume la rector\u00eda la Sra. Silvia V\u00e1squez, quien se mantuvo hasta el a\u00f1o 2002, asumiendo posteriormente, la rector\u00eda el profesor Miguel \u00c1ngel Hern\u00e1ndez.<\/p>\n<p>Al a\u00f1o 2002, la matricula del colegio segu\u00eda creciendo y necesitaba nueva casa, adem\u00e1s de querer marcar mayor presencia en la comunidad, por ello naci\u00f3, al amanecer del milenio, la idea de un nuevo hogar. Se inician las gestiones para trasladar el colegio al otro lado del R\u00edo B\u00edo B\u00edo, en la reciente creada comuna de San Pedro de la Paz.<\/p>\n<p>El 10 de marzo de 2008, el Colegio comenz\u00f3 sus clases en la comuna de San Pedro de la Paz y el antiguo edificio, durante mismo a\u00f1o, pasa a formar el centro de estudios INFOCAP, que imparte cursos a gente trabajadora, que no tiene otra opci\u00f3n de capacitaci\u00f3n, devolviendo este espacio a los m\u00e1s pobres y especialmente a la formaci\u00f3n del mundo obrero.<\/p>\n<p>El 2017, el Colegio San Ignacio Concepci\u00f3n cumpli\u00f3 130 a\u00f1os en que ha puesto en el centro de su labor educativa, la b\u00fasqueda de la excelencia. Pero no se trata solo de lo acad\u00e9mico, sino tambi\u00e9n de la excelencia humana y cristiana, formando hombres y mujeres para los dem\u00e1s.<\/p>\n<p>El actual Colegio San Ignacio cuenta con una infraestructura tres veces mayor que la antigua Escuela.<\/p>\n<p>Nace el sue\u00f1o de la capilla San Ignacio, tras m\u00e1s de 4 a\u00f1os de la concreci\u00f3n del proyecto, la capilla abri\u00f3 sus puertas a la comunidad el 2018.<\/p>\n<p>Actualmente el Colegio San Ignacio cuenta con una matr\u00edcula de 1738 alumnos y alumnas, el que es dirigido desde el 2020, por la Sra. Claudia Messina \u00c1vila, actual rectora.<\/p>\n<p>De este modo, la educaci\u00f3n la entendemos como una invitaci\u00f3n permanente a la superaci\u00f3n personal, lo que se resume en el \u201cMagis Ignaciano\u201d, esto es, multiplicar al m\u00e1ximo los dones recibidos de Dios, para ponerlos al servicio de los dem\u00e1s.<\/p>\n<p><img loading=\"lazy\" class=\"aligncenter size-full wp-image-2032\" src=\"http:\/\/sanignacioconcepcion.cl\/sitio\/wp-content\/uploads\/2021\/04\/historiafoto.jpg\" alt=\"\" width=\"1239\" height=\"318\" srcset=\"http:\/\/sanignacioconcepcion.cl\/sitio\/wp-content\/uploads\/2021\/04\/historiafoto.jpg 1239w, http:\/\/sanignacioconcepcion.cl\/sitio\/wp-content\/uploads\/2021\/04\/historiafoto-1024x263.jpg 1024w, http:\/\/sanignacioconcepcion.cl\/sitio\/wp-content\/uploads\/2021\/04\/historiafoto-768x197.jpg 768w, http:\/\/sanignacioconcepcion.cl\/sitio\/wp-content\/uploads\/2021\/04\/historiafoto-600x154.jpg 600w\" sizes=\"(max-width: 1239px) 100vw, 1239px\" \/>[\/vc_column_text][\/vc_column_inner][\/vc_row_inner][\/vc_column][\/vc_row][vc_row][vc_column][vc_empty_space height=\u00bb100px\u00bb][\/vc_column][\/vc_row]<\/p>\n","protected":false},"excerpt":{"rendered":"<p>[vc_row thb_full_width=\u00bbtrue\u00bb thb_row_padding=\u00bbtrue\u00bb thb_column_padding=\u00bbtrue\u00bb css=\u00bb.vc_custom_1570111890857{background-image: url(http:\/\/sanignacioconcepcion.cl\/sitio\/wp-content\/uploads\/2019\/10\/banner-superior01.jpg?id=134) !important;background-position: center !important;background-repeat: no-repeat !important;background-size: cover !important;}\u00bb el_class=\u00bbbanner-superior\u00bb][vc_column][\/vc_column][\/vc_row][vc_row el_class=\u00bbcontenedor-titulo-pagina align-center\u00bb][vc_column width=\u00bb11\/12&#8243;][vc_column_text] Nosotros [\/vc_column_text][\/vc_column][\/vc_row][vc_row thb_full_width=\u00bbtrue\u00bb thb_row_padding=\u00bbtrue\u00bb thb_column_padding=\u00bbtrue\u00bb el_class=\u00bbbreadcrumbs-contenedor align-center\u00bb][vc_column][vc_widget_sidebar sidebar_id=\u00bbfooter6&#8243;][\/vc_column][\/vc_row][vc_row el_class=\u00bbalign-center\u00bb][vc_column width=\u00bb11\/12&#8243; el_class=\u00bbcontenedor-paginas-interiores\u00bb][vc_row_inner][vc_column_inner el_class=\u00bbmenu-lateral\u00bb width=\u00bb1\/4&#8243;][vc_widget_sidebar sidebar_id=\u00bbfooter4&#8243;][\/vc_column_inner][vc_column_inner width=\u00bb3\/4&#8243;][vc_column_text] Nuestra Historia [\/vc_column_text][vc_column_text] \u201c136 a\u00f1os de historia, formando hombres y mujeres para los dem\u00e1s\u201d [\/vc_column_text][vc_column_text]La preocupaci\u00f3n social por la clase obrera de la&hellip;<\/p>\n","protected":false},"author":1,"featured_media":0,"parent":165,"menu_order":0,"comment_status":"closed","ping_status":"closed","template":"","meta":[],"_links":{"self":[{"href":"http:\/\/sanignacioconcepcion.cl\/sitio\/wp-json\/wp\/v2\/pages\/131"}],"collection":[{"href":"http:\/\/sanignacioconcepcion.cl\/sitio\/wp-json\/wp\/v2\/pages"}],"about":[{"href":"http:\/\/sanignacioconcepcion.cl\/sitio\/wp-json\/wp\/v2\/types\/page"}],"author":[{"embeddable":true,"href":"http:\/\/sanignacioconcepcion.cl\/sitio\/wp-json\/wp\/v2\/users\/1"}],"replies":[{"embeddable":true,"href":"http:\/\/sanignacioconcepcion.cl\/sitio\/wp-json\/wp\/v2\/comments?post=131"}],"version-history":[{"count":32,"href":"http:\/\/sanignacioconcepcion.cl\/sitio\/wp-json\/wp\/v2\/pages\/131\/revisions"}],"predecessor-version":[{"id":6864,"href":"http:\/\/sanignacioconcepcion.cl\/sitio\/wp-json\/wp\/v2\/pages\/131\/revisions\/6864"}],"up":[{"embeddable":true,"href":"http:\/\/sanignacioconcepcion.cl\/sitio\/wp-json\/wp\/v2\/pages\/165"}],"wp:attachment":[{"href":"http:\/\/sanignacioconcepcion.cl\/sitio\/wp-json\/wp\/v2\/media?parent=131"}],"curies":[{"name":"wp","href":"https:\/\/api.w.org\/{rel}","templated":true}]}}