{"id":2165,"date":"2021-06-09T14:58:21","date_gmt":"2021-06-09T14:58:21","guid":{"rendered":"http:\/\/sanignacioconcepcion.cl\/sitio\/?page_id=2165"},"modified":"2023-04-12T19:17:37","modified_gmt":"2023-04-12T19:17:37","slug":"plan-retorno-y-protocolos-2","status":"publish","type":"page","link":"http:\/\/sanignacioconcepcion.cl\/sitio\/plan-retorno-y-protocolos-2\/","title":{"rendered":"Prevenci\u00f3n COVID"},"content":{"rendered":"<p>[vc_row thb_full_width=\u00bbtrue\u00bb thb_row_padding=\u00bbtrue\u00bb thb_column_padding=\u00bbtrue\u00bb css=\u00bb.vc_custom_1570111890857{background-image: url(http:\/\/sanignacioconcepcion.cl\/sitio\/wp-content\/uploads\/2019\/10\/banner-superior01.jpg?id=134) !important;background-position: center !important;background-repeat: no-repeat !important;background-size: cover !important;}\u00bb el_class=\u00bbbanner-superior\u00bb][vc_column][\/vc_column][\/vc_row][vc_row el_class=\u00bbcontenedor-titulo-pagina align-center\u00bb][vc_column width=\u00bb11\/12&#8243;][vc_column_text]<\/p>\n<h2>Prevenci\u00f3n COVID<\/h2>\n<p>[\/vc_column_text][\/vc_column][\/vc_row][vc_row el_class=\u00bbalign-center\u00bb][vc_column width=\u00bb11\/12&#8243; el_class=\u00bbcontenedor-paginas-interiores\u00bb][vc_row_inner][vc_column_inner el_class=\u00bbmenu-lateral\u00bb width=\u00bb1\/4&#8243;][vc_widget_sidebar sidebar_id=\u00bbfooter4&#8243;][vc_wp_custommenu nav_menu=\u00bb30&#8243;][\/vc_column_inner][vc_column_inner width=\u00bb3\/4&#8243;][vc_column_text]<img loading=\"lazy\" class=\"wp-image-6021 size-full aligncenter\" src=\"http:\/\/sanignacioconcepcion.cl\/sitio\/wp-content\/uploads\/2023\/03\/Captura-de-Pantalla-2023-03-15-a-las-10.17.40.png\" alt=\"\" width=\"654\" height=\"216\" srcset=\"http:\/\/sanignacioconcepcion.cl\/sitio\/wp-content\/uploads\/2023\/03\/Captura-de-Pantalla-2023-03-15-a-las-10.17.40.png 654w, http:\/\/sanignacioconcepcion.cl\/sitio\/wp-content\/uploads\/2023\/03\/Captura-de-Pantalla-2023-03-15-a-las-10.17.40-600x198.png 600w\" sizes=\"(max-width: 654px) 100vw, 654px\" \/>[\/vc_column_text][vc_column_text]<\/p>\n<h3 class=\"title\">Juntas y juntos mantengamos las medidas aprendidas en pandemia<\/h3>\n<p>La pandemia nos deja valiosos aprendizajes individuales y colectivos que debemos saber mantener como pa\u00eds.<\/p>\n<p>Aprendimos que el SARS COV -2 y otros virus seguir\u00e1n existiendo; en esta Fase de Apertura del Plan Seguimos Cuid\u00e1ndonos debemos seguir conviviendo con ello, integrando a nuestras normas culturales el seguir cuid\u00e1ndonos con mascarilla, lavado de manos, ventilaci\u00f3n de espacios cerrados y vacun\u00e1ndonos.<\/p>\n<p><img loading=\"lazy\" class=\"alignleft wp-image-6025 size-full\" src=\"http:\/\/sanignacioconcepcion.cl\/sitio\/wp-content\/uploads\/2023\/03\/Captura-de-Pantalla-2023-03-15-a-las-10.17.25-copia.png\" alt=\"\" width=\"615\" height=\"56\" srcset=\"http:\/\/sanignacioconcepcion.cl\/sitio\/wp-content\/uploads\/2023\/03\/Captura-de-Pantalla-2023-03-15-a-las-10.17.25-copia.png 615w, http:\/\/sanignacioconcepcion.cl\/sitio\/wp-content\/uploads\/2023\/03\/Captura-de-Pantalla-2023-03-15-a-las-10.17.25-copia-600x55.png 600w\" sizes=\"(max-width: 615px) 100vw, 615px\" \/><\/p>\n<p>&nbsp;<\/p>\n<p>&nbsp;<br \/>\n\u2013 Las mascarillas limitan la emisi\u00f3n de gotitas que generamos al toser, estornudar, cantar y hablar, protegiendo a los que nos rodean. \u00dasala y p\u00f3rtala como parte de tu kit sanitario.<\/p>\n<p>\u2013 Para que sean eficaces debemos usarlas correctamente, cubriendo nariz y boca y reemplaz\u00e1ndola una vez que humedezcan o se da\u00f1en.<\/p>\n<p>\u2013 Te recomendamos usarla si ves aglomeraciones en espacios abiertos o cerrados, si tienes enfermedad cr\u00f3nica y si presentas alg\u00fan s\u00edntoma.<\/p>\n<p>\u2013 Debes usarla cuando ingreses a un centro asistencial.<\/p>\n<p><img loading=\"lazy\" class=\"alignleft wp-image-6024 size-full\" src=\"http:\/\/sanignacioconcepcion.cl\/sitio\/wp-content\/uploads\/2023\/03\/Captura-de-Pantalla-2023-03-15-a-las-10.17.25-copia2.png\" alt=\"\" width=\"618\" height=\"55\" srcset=\"http:\/\/sanignacioconcepcion.cl\/sitio\/wp-content\/uploads\/2023\/03\/Captura-de-Pantalla-2023-03-15-a-las-10.17.25-copia2.png 618w, http:\/\/sanignacioconcepcion.cl\/sitio\/wp-content\/uploads\/2023\/03\/Captura-de-Pantalla-2023-03-15-a-las-10.17.25-copia2-600x53.png 600w\" sizes=\"(max-width: 618px) 100vw, 618px\" \/><\/p>\n<p>&nbsp;<\/p>\n<p>&nbsp;<\/p>\n<p>\u2013 Las manos transportan microrganismos infecciosos que podr\u00edan contagiarnos.<\/p>\n<p>\u2013 Lava tus manos cada vez que entren contacto con un elemento no higienizado para disminuir el contagio, sobre todo cuando llegues de la calle.<\/p>\n<p>\u2013 Un lavado de manos con agua y jab\u00f3n, de al menos 40 segundos, elimina los microrganismos que llevamos en \u00e9stas.<\/p>\n<p>\u2013 Si no dispones de agua, porta y usa alcohol gel como parte de tu kit sanitario.<\/p>\n<p><img loading=\"lazy\" class=\"alignleft wp-image-6027 size-full\" src=\"http:\/\/sanignacioconcepcion.cl\/sitio\/wp-content\/uploads\/2023\/03\/ventilar.png\" alt=\"\" width=\"617\" height=\"57\" srcset=\"http:\/\/sanignacioconcepcion.cl\/sitio\/wp-content\/uploads\/2023\/03\/ventilar.png 617w, http:\/\/sanignacioconcepcion.cl\/sitio\/wp-content\/uploads\/2023\/03\/ventilar-600x55.png 600w\" sizes=\"(max-width: 617px) 100vw, 617px\" \/><\/p>\n<p>&nbsp;<\/p>\n<p>&nbsp;<\/p>\n<p>\u2013 La principal v\u00eda de contagio de COVID-19 ocurre por el aire y a trav\u00e9s de peque\u00f1as part\u00edculas (aerosoles) que pueden flotar y producir contagios.<\/p>\n<p>\u2013 La ventilaci\u00f3n de espacios cerrados permite el ingreso de aire fresco y que se dispersen las part\u00edculas.<\/p>\n<p>\u2013 Cuando se encuentre en un espacio interior, abra puertas y ventanas siempre que sea posible.<\/p>\n<p>\u2013 Abra puertas y ventanas de lados opuestos de la habitaci\u00f3n para generar corriente a lo menos 3 veces al d\u00eda. Si en el exterior hace demasiado fr\u00edo o demasiado calor, puede abrir las ventanas unos minutos cada hora para ventilar.<\/p>\n<p>Fuente: MINSAL<\/p>\n<div class=\"page\" title=\"Page 1\">\n<div class=\"section\">\n<div class=\"layoutArea\">\n<div class=\"column\">\n<p><strong>Protocolo de medidas sanitarias y vigilancia epidemiolo\u0301gica:<\/strong><\/p>\n<\/div>\n<\/div>\n<\/div>\n<\/div>\n<p><a href=\"http:\/\/sanignacioconcepcion.cl\/sitio\/wp-content\/uploads\/2023\/04\/Protocolo-medidas-sanitarias-vigencia-epidemiologica-marzo2023.pdf\" class=\"pdfemb-viewer\" style=\"\" data-width=\"max\" data-height=\"max\"  data-toolbar=\"both\" data-toolbar-fixed=\"on\">Protocolo-medidas-sanitarias-vigencia-epidemiologica-2023<br\/><\/a>[\/vc_column_text][\/vc_column_inner][\/vc_row_inner][\/vc_column][\/vc_row][vc_row][vc_column][vc_empty_space height=\u00bb100px\u00bb][\/vc_column][\/vc_row]<\/p>\n","protected":false},"excerpt":{"rendered":"<p>[vc_row thb_full_width=\u00bbtrue\u00bb thb_row_padding=\u00bbtrue\u00bb thb_column_padding=\u00bbtrue\u00bb css=\u00bb.vc_custom_1570111890857{background-image: url(http:\/\/sanignacioconcepcion.cl\/sitio\/wp-content\/uploads\/2019\/10\/banner-superior01.jpg?id=134) !important;background-position: center !important;background-repeat: no-repeat !important;background-size: cover !important;}\u00bb el_class=\u00bbbanner-superior\u00bb][vc_column][\/vc_column][\/vc_row][vc_row el_class=\u00bbcontenedor-titulo-pagina align-center\u00bb][vc_column width=\u00bb11\/12&#8243;][vc_column_text] Prevenci\u00f3n COVID [\/vc_column_text][\/vc_column][\/vc_row][vc_row el_class=\u00bbalign-center\u00bb][vc_column width=\u00bb11\/12&#8243; el_class=\u00bbcontenedor-paginas-interiores\u00bb][vc_row_inner][vc_column_inner el_class=\u00bbmenu-lateral\u00bb width=\u00bb1\/4&#8243;][vc_widget_sidebar sidebar_id=\u00bbfooter4&#8243;][vc_wp_custommenu nav_menu=\u00bb30&#8243;][\/vc_column_inner][vc_column_inner width=\u00bb3\/4&#8243;][vc_column_text][\/vc_column_text][vc_column_text] Juntas y juntos mantengamos las medidas aprendidas en pandemia La pandemia nos deja valiosos aprendizajes individuales y colectivos que debemos saber mantener como pa\u00eds. Aprendimos que el&hellip;<\/p>\n","protected":false},"author":1,"featured_media":0,"parent":0,"menu_order":0,"comment_status":"closed","ping_status":"closed","template":"","meta":[],"_links":{"self":[{"href":"http:\/\/sanignacioconcepcion.cl\/sitio\/wp-json\/wp\/v2\/pages\/2165"}],"collection":[{"href":"http:\/\/sanignacioconcepcion.cl\/sitio\/wp-json\/wp\/v2\/pages"}],"about":[{"href":"http:\/\/sanignacioconcepcion.cl\/sitio\/wp-json\/wp\/v2\/types\/page"}],"author":[{"embeddable":true,"href":"http:\/\/sanignacioconcepcion.cl\/sitio\/wp-json\/wp\/v2\/users\/1"}],"replies":[{"embeddable":true,"href":"http:\/\/sanignacioconcepcion.cl\/sitio\/wp-json\/wp\/v2\/comments?post=2165"}],"version-history":[{"count":37,"href":"http:\/\/sanignacioconcepcion.cl\/sitio\/wp-json\/wp\/v2\/pages\/2165\/revisions"}],"predecessor-version":[{"id":6202,"href":"http:\/\/sanignacioconcepcion.cl\/sitio\/wp-json\/wp\/v2\/pages\/2165\/revisions\/6202"}],"wp:attachment":[{"href":"http:\/\/sanignacioconcepcion.cl\/sitio\/wp-json\/wp\/v2\/media?parent=2165"}],"curies":[{"name":"wp","href":"https:\/\/api.w.org\/{rel}","templated":true}]}}