{"id":450,"date":"2019-10-08T16:34:22","date_gmt":"2019-10-08T16:34:22","guid":{"rendered":"http:\/\/movilia.cl\/sanignacio\/?page_id=450"},"modified":"2025-03-10T08:43:48","modified_gmt":"2025-03-10T11:43:48","slug":"direccion-de-formacion-academica","status":"publish","type":"page","link":"http:\/\/sanignacioconcepcion.cl\/sitio\/direccion-de-formacion-academica\/","title":{"rendered":"Direcci\u00f3n de Formaci\u00f3n Acad\u00e9mica"},"content":{"rendered":"<p>[vc_row thb_full_width=\u00bbtrue\u00bb thb_row_padding=\u00bbtrue\u00bb thb_column_padding=\u00bbtrue\u00bb css=\u00bb.vc_custom_1570111890857{background-image: url(http:\/\/sanignacioconcepcion.cl\/sitio\/wp-content\/uploads\/2019\/10\/banner-superior01.jpg?id=134) !important;background-position: center !important;background-repeat: no-repeat !important;background-size: cover !important;}\u00bb el_class=\u00bbbanner-superior\u00bb][vc_column][\/vc_column][\/vc_row][vc_row el_class=\u00bbcontenedor-titulo-pagina align-center\u00bb][vc_column width=\u00bb11\/12&#8243;][vc_column_text]<\/p>\n<h2>Direcci\u00f3n de Formaci\u00f3n Acad\u00e9mica<\/h2>\n<p>[\/vc_column_text][\/vc_column][\/vc_row][vc_row el_class=\u00bbalign-center contenedor-personal\u00bb][vc_column width=\u00bb3\/4&#8243; el_class=\u00bbcontenedor-paginas-interiores\u00bb]\t<div id=\"thb-team-55\" class=\"thb-team-row\">\n\t\t<div class=\"row style1\" data-columns=\"medium-4 large-3\" data-center=\"true\" data-navigation=\"true\">\n\t\t\t\t<div class=\"thb-team-member small-12 medium-4 large-3 columns member_style2\">\n\t\t<img width=\"600\" height=\"700\" src=\"http:\/\/sanignacioconcepcion.cl\/sitio\/wp-content\/uploads\/2022\/01\/HNOVA.jpg\" class=\"attachment-full\" alt=\"\" loading=\"lazy\" \/>\t\t\t\t\t<div class=\"team-information\">\n\t\t\t\t<h6>H\u00e9ctor Nova<\/h6>\n\t\t\t\t<p class=\"job-title\">Director de Formaci\u00f3n Acad\u00e9mica<\/p>\n\t\t\t\t\t\t\t\t<div class=\"thb-description\"><div class=\"email\"><br \/>\n\t<a href=\"&#x6d;a&#x69;&#108;t&#x6f;&#58;&#x68;&#x6e;o&#x76;&#97;&#64;&#x63;&#111;&#x6c;&#101;g&#x69;&#111;s&#x69;&#99;&#x2e;&#99;l\" target=\"_top\"><br \/>\n\t\t<i class=\"vc_btn3-icon fa fa-envelope\"><\/i><br \/>\n\t<\/a><br \/>\n<\/div><\/div>\n\t\t\t\t\t\t\t<\/div>\n\t\t\t<\/div>\n\t\t<div class=\"thb-team-member small-12 medium-4 large-3 columns member_style2\">\n\t\t<img width=\"600\" height=\"700\" src=\"http:\/\/sanignacioconcepcion.cl\/sitio\/wp-content\/uploads\/2024\/02\/PESPINOZAWEB.jpg\" class=\"attachment-full\" alt=\"\" loading=\"lazy\" \/>\t\t\t\t\t<div class=\"team-information\">\n\t\t\t\t<h6>Paulina Espinoza<\/h6>\n\t\t\t\t<p class=\"job-title\">Encargada ACLE<\/p>\n\t\t\t\t\t\t\t\t<div class=\"thb-description\"><div class=\"email\"><br \/>\n\t<a href=\"mailto&#58;&#112;&#101;&#115;&#112;&#105;&#110;&#x6f;&#x7a;&#x61;&#x40;&#x63;&#x6f;&#x6c;&#x65;&#x67;&#x69;&#x6f;&#x73;ic&#46;cl\" target=\"_top\"><br \/>\n\t\t<i class=\"vc_btn3-icon fa fa-envelope\"><\/i><br \/>\n\t<\/a><br \/>\n<\/div><\/div>\n\t\t\t\t\t\t\t<\/div>\n\t\t\t<\/div>\n\t\t<div class=\"thb-team-member small-12 medium-4 large-3 columns member_style2\">\n\t\t<img width=\"600\" height=\"700\" src=\"http:\/\/sanignacioconcepcion.cl\/sitio\/wp-content\/uploads\/2024\/02\/tolivaresweb.jpg\" class=\"attachment-full\" alt=\"\" loading=\"lazy\" \/>\t\t\t\t\t<div class=\"team-information\">\n\t\t\t\t<h6>Tania Olivares<\/h6>\n\t\t\t\t<p class=\"job-title\">Coordinadora PIE<\/p>\n\t\t\t\t\t\t\t\t<div class=\"thb-description\"><div class=\"email\"><br \/>\n\t<a href=\"&#109;a&#x69;l&#x74;o&#x3a;t&#x6f;l&#x69;v&#x61;&#114;&#x65;&#115;&#x40;&#99;&#x6f;&#108;&#x65;&#103;&#x69;&#111;&#x73;&#105;c&#x2e;c&#x6c;\" target=\"_top\"><br \/>\n\t\t<i class=\"vc_btn3-icon fa fa-envelope\"><\/i><br \/>\n\t<\/a><br \/>\n<\/div><\/div>\n\t\t\t\t\t\t\t<\/div>\n\t\t\t<\/div>\n\t\t<div class=\"thb-team-member small-12 medium-4 large-3 columns member_style2\">\n\t\t<img width=\"600\" height=\"700\" src=\"http:\/\/sanignacioconcepcion.cl\/sitio\/wp-content\/uploads\/2024\/02\/LHENRIQUEZWEB.jpg\" class=\"attachment-full\" alt=\"\" loading=\"lazy\" \/>\t\t\t\t\t<div class=\"team-information\">\n\t\t\t\t<h6>Loreto Henr\u00edquez<\/h6>\n\t\t\t\t<p class=\"job-title\">Coordinadora PIE<\/p>\n\t\t\t\t\t\t\t\t<div class=\"thb-description\"><div class=\"email\"><br \/>\n\t<a href=\"m&#97;&#x69;&#x6c;t&#111;&#x3a;&#x6c;h&#101;&#110;&#x72;&#x69;q&#117;&#x65;&#x7a;&#64;&#99;&#x6f;&#x6c;e&#103;&#105;&#x6f;&#x73;i&#99;&#x2e;&#x63;l\" target=\"_top\"><br \/>\n\t\t<i class=\"vc_btn3-icon fa fa-envelope\"><\/i><br \/>\n\t<\/a><br \/>\n<\/div><\/div>\n\t\t\t\t\t\t\t<\/div>\n\t\t\t<\/div>\n\t\t<div class=\"thb-team-member small-12 medium-4 large-3 columns member_style2\">\n\t\t<img width=\"600\" height=\"700\" src=\"http:\/\/sanignacioconcepcion.cl\/sitio\/wp-content\/uploads\/2024\/02\/CSALGADOWEB.jpg\" class=\"attachment-full\" alt=\"\" loading=\"lazy\" \/>\t\t\t\t\t<div class=\"team-information\">\n\t\t\t\t<h6>Claudia Salgado<\/h6>\n\t\t\t\t<p class=\"job-title\">Coordinadora Pedag\u00f3gica Biblioteca<\/p>\n\t\t\t\t\t\t\t\t<div class=\"thb-description\"><div class=\"email\"><br \/>\n\t<a href=\"&#x6d;&#x61;&#105;&#108;&#116;o&#x3a;&#x63;&#x73;&#97;&#108;ga&#x64;&#x6f;&#x40;&#99;&#111;l&#x65;&#x67;&#x69;&#111;&#115;&#105;c&#x2e;&#x63;&#x6c;\" target=\"_top\"><br \/>\n\t\t<i class=\"vc_btn3-icon fa fa-envelope\"><\/i><br \/>\n\t<\/a><br \/>\n<\/div><\/div>\n\t\t\t\t\t\t\t<\/div>\n\t\t\t<\/div>\n\t\t<div class=\"thb-team-member small-12 medium-4 large-3 columns member_style2\">\n\t\t<img width=\"600\" height=\"700\" src=\"http:\/\/sanignacioconcepcion.cl\/sitio\/wp-content\/uploads\/2024\/02\/AMUNOZWEB.jpg\" class=\"attachment-full\" alt=\"\" loading=\"lazy\" \/>\t\t\t\t\t<div class=\"team-information\">\n\t\t\t\t<h6>Alexis Mu\u00f1oz<\/h6>\n\t\t\t\t<p class=\"job-title\">Encargado CRA<\/p>\n\t\t\t\t\t\t\t\t<div class=\"thb-description\"><div class=\"email\"><br \/>\n\t<a href=\"ma&#105;&#108;&#116;&#x6f;&#x3a;&#x61;&#x6d;&#x75;no&#122;&#64;&#99;&#x6f;&#x6c;&#x65;&#x67;&#x69;os&#105;&#99;&#46;&#x63;&#x6c;\" target=\"_top\"><br \/>\n\t\t<i class=\"vc_btn3-icon fa fa-envelope\"><\/i><br \/>\n\t<\/a><br \/>\n<\/div><\/div>\n\t\t\t\t\t\t\t<\/div>\n\t\t\t<\/div>\n\t\t<div class=\"thb-team-member small-12 medium-4 large-3 columns member_style2\">\n\t\t<img width=\"600\" height=\"700\" src=\"http:\/\/sanignacioconcepcion.cl\/sitio\/wp-content\/uploads\/2025\/03\/WhatsApp-Image-2025-03-10-at-08.42.54.jpeg\" class=\"attachment-full\" alt=\"\" loading=\"lazy\" \/>\t\t\t\t\t<div class=\"team-information\">\n\t\t\t\t<h6>Elizabeth D\u00edaz<\/h6>\n\t\t\t\t<p class=\"job-title\">Secretaria Direcci\u00f3n Acad\u00e9mica<\/p>\n\t\t\t\t\t\t\t\t<div class=\"thb-description\"><div class=\"email\"><br \/>\n\t<a href=\"&#109;&#x61;&#x69;l&#116;&#x6f;:&#115;&#x65;c&#114;&#x65;t&#97;&#x72;&#x69;&#97;&#x61;&#x63;a&#100;&#x65;m&#105;&#x63;a&#64;&#x63;&#x6f;&#108;&#x65;&#x67;i&#111;&#x73;i&#99;&#x2e;c&#108;\" target=\"_top\"><br \/>\n\t\t<i class=\"vc_btn3-icon fa fa-envelope\"><\/i><br \/>\n\t<\/a><br \/>\n<\/div><\/div>\n\t\t\t\t\t\t\t<\/div>\n\t\t\t<\/div>\n\t\t\t<\/div>\n\t<\/div>\n\t[\/vc_column][\/vc_row][vc_row][vc_column][vc_empty_space height=\u00bb100px\u00bb][\/vc_column][\/vc_row]<\/p>\n","protected":false},"excerpt":{"rendered":"<p>[vc_row thb_full_width=\u00bbtrue\u00bb thb_row_padding=\u00bbtrue\u00bb thb_column_padding=\u00bbtrue\u00bb css=\u00bb.vc_custom_1570111890857{background-image: url(http:\/\/sanignacioconcepcion.cl\/sitio\/wp-content\/uploads\/2019\/10\/banner-superior01.jpg?id=134) !important;background-position: center !important;background-repeat: no-repeat !important;background-size: cover !important;}\u00bb el_class=\u00bbbanner-superior\u00bb][vc_column][\/vc_column][\/vc_row][vc_row el_class=\u00bbcontenedor-titulo-pagina align-center\u00bb][vc_column width=\u00bb11\/12&#8243;][vc_column_text] Direcci\u00f3n de Formaci\u00f3n Acad\u00e9mica [\/vc_column_text][\/vc_column][\/vc_row][vc_row el_class=\u00bbalign-center contenedor-personal\u00bb][vc_column width=\u00bb3\/4&#8243; el_class=\u00bbcontenedor-paginas-interiores\u00bb][\/vc_column][\/vc_row][vc_row][vc_column][vc_empty_space height=\u00bb100px\u00bb][\/vc_column][\/vc_row]<\/p>\n","protected":false},"author":1,"featured_media":0,"parent":0,"menu_order":0,"comment_status":"closed","ping_status":"closed","template":"","meta":[],"_links":{"self":[{"href":"http:\/\/sanignacioconcepcion.cl\/sitio\/wp-json\/wp\/v2\/pages\/450"}],"collection":[{"href":"http:\/\/sanignacioconcepcion.cl\/sitio\/wp-json\/wp\/v2\/pages"}],"about":[{"href":"http:\/\/sanignacioconcepcion.cl\/sitio\/wp-json\/wp\/v2\/types\/page"}],"author":[{"embeddable":true,"href":"http:\/\/sanignacioconcepcion.cl\/sitio\/wp-json\/wp\/v2\/users\/1"}],"replies":[{"embeddable":true,"href":"http:\/\/sanignacioconcepcion.cl\/sitio\/wp-json\/wp\/v2\/comments?post=450"}],"version-history":[{"count":22,"href":"http:\/\/sanignacioconcepcion.cl\/sitio\/wp-json\/wp\/v2\/pages\/450\/revisions"}],"predecessor-version":[{"id":9567,"href":"http:\/\/sanignacioconcepcion.cl\/sitio\/wp-json\/wp\/v2\/pages\/450\/revisions\/9567"}],"wp:attachment":[{"href":"http:\/\/sanignacioconcepcion.cl\/sitio\/wp-json\/wp\/v2\/media?parent=450"}],"curies":[{"name":"wp","href":"https:\/\/api.w.org\/{rel}","templated":true}]}}