{"id":9642,"date":"2025-03-13T15:18:10","date_gmt":"2025-03-13T18:18:10","guid":{"rendered":"https:\/\/sanignacioconcepcion.cl\/sitio\/?page_id=9642"},"modified":"2025-04-09T11:01:52","modified_gmt":"2025-04-09T14:01:52","slug":"convivencia-escolar-2","status":"publish","type":"page","link":"http:\/\/sanignacioconcepcion.cl\/sitio\/convivencia-escolar-2\/","title":{"rendered":"Convivencia Escolar"},"content":{"rendered":"<p>[vc_row thb_full_width=\u00bbtrue\u00bb thb_row_padding=\u00bbtrue\u00bb thb_column_padding=\u00bbtrue\u00bb css=\u00bb.vc_custom_1570111890857{background-image: url(http:\/\/sanignacioconcepcion.cl\/sitio\/wp-content\/uploads\/2019\/10\/banner-superior01.jpg?id=134) !important;background-position: center !important;background-repeat: no-repeat !important;background-size: cover !important;}\u00bb el_class=\u00bbbanner-superior\u00bb][vc_column][\/vc_column][\/vc_row][vc_row el_class=\u00bbcontenedor-titulo-pagina align-center\u00bb][vc_column width=\u00bb11\/12&#8243;][vc_column_text]<\/p>\n<h2>Convivencia Escolar<\/h2>\n<p>[\/vc_column_text][\/vc_column][\/vc_row][vc_row el_class=\u00bbalign-center\u00bb][vc_column width=\u00bb11\/12&#8243; el_class=\u00bbcontenedor-paginas-interiores\u00bb][vc_row_inner][vc_column_inner el_class=\u00bbmenu-lateral\u00bb width=\u00bb1\/4&#8243;][vc_widget_sidebar sidebar_id=\u00bbfooter4&#8243;][\/vc_column_inner][vc_column_inner width=\u00bb3\/4&#8243;][vc_column_text]<\/p>\n<h2>Convivencia Escolar<\/h2>\n<p>[\/vc_column_text][vc_column_text]El equipo de Convivencia Escolar est\u00e1 comprometido con la construcci\u00f3n de un entorno educativo basado en el respeto, la inclusi\u00f3n y el bienestar de toda la comunidad.<br \/>\nTrabajamos de manera colaborativa para fomentar relaciones saludables y garantizar espacios seguros para todos y todas.<br \/>\nNuestro principal desaf\u00edo es implementar estrategias que fortalezcan la sana convivencia, prevengan situaciones de riesgo y faciliten la resoluci\u00f3n pac\u00edfica de conflictos, siempre desde un enfoque preventivo que contribuya al desarrollo integral de nuestros estudiantes.[\/vc_column_text][vc_column_text]<\/p>\n<h2>Equipo<\/h2>\n<p>[\/vc_column_text]\t<div id=\"thb-team-85\" class=\"thb-team-row\">\n\t\t<div class=\"row style1\" data-columns=\"medium-4 large-2\" data-center=\"true\" data-navigation=\"true\">\n\t\t\t\t<div class=\"thb-team-member small-12 medium-4 large-2 columns member_style2\">\n\t\t<img width=\"600\" height=\"700\" src=\"http:\/\/sanignacioconcepcion.cl\/sitio\/wp-content\/uploads\/2022\/01\/JMORA.jpg\" class=\"attachment-full\" alt=\"\" loading=\"lazy\" \/>\t\t\t\t\t<div class=\"team-information\">\n\t\t\t\t<h6>Jos\u00e9 Mora<\/h6>\n\t\t\t\t<p class=\"job-title\">Encargado de Convivencia Escolar<\/p>\n\t\t\t\t\t\t\t\t<div class=\"thb-description\"><div class=\"email\"><br \/>\n\t<a href=\"m&#97;&#105;&#x6c;&#x74;&#x6f;:&#106;&#109;&#x6f;&#x72;&#x61;&#64;c&#111;&#x6c;&#x65;&#x67;io&#115;&#105;&#x63;&#x2e;&#x63;l\" target=\"_top\"><br \/>\n\t\t<i class=\"vc_btn3-icon fa fa-envelope\"><\/i><br \/>\n\t<\/a><br \/>\n<\/div><\/div>\n\t\t\t\t\t\t\t<\/div>\n\t\t\t<\/div>\n\t\t<div class=\"thb-team-member small-12 medium-4 large-2 columns member_style2\">\n\t\t<img width=\"600\" height=\"700\" src=\"http:\/\/sanignacioconcepcion.cl\/sitio\/wp-content\/uploads\/2024\/03\/LARISMENDI.jpg\" class=\"attachment-full\" alt=\"\" loading=\"lazy\" \/>\t\t\t\t\t<div class=\"team-information\">\n\t\t\t\t<h6>Lorena Arismendi<\/h6>\n\t\t\t\t<p class=\"job-title\">Asistente Convivencia Escolar<\/p>\n\t\t\t\t\t\t\t\t<div class=\"thb-description\"><div class=\"email\"><br \/>\n\t<a href=\"&#108;&#x61;r&#x69;&#x73;&#109;&#x65;n&#100;&#x69;&#64;&#x63;o&#108;&#x65;g&#x69;o&#115;&#x69;c&#x2e;&#x63;&#108;\" target=\"_top\"><br \/>\n\t\t<i class=\"vc_btn3-icon fa fa-envelope\"><\/i><br \/>\n\t<\/a><br \/>\n<\/div><\/div>\n\t\t\t\t\t\t\t<\/div>\n\t\t\t<\/div>\n\t\t<div class=\"thb-team-member small-12 medium-4 large-2 columns member_style2\">\n\t\t<img width=\"600\" height=\"700\" src=\"http:\/\/sanignacioconcepcion.cl\/sitio\/wp-content\/uploads\/2022\/10\/xcastillo.jpg\" class=\"attachment-full\" alt=\"\" loading=\"lazy\" \/>\t\t\t\t\t<div class=\"team-information\">\n\t\t\t\t<h6>Ana Ximena Castillo<\/h6>\n\t\t\t\t<p class=\"job-title\">Asistente<\/p>\n\t\t\t\t\t\t\t\t<div class=\"thb-description\"><div class=\"email\"><br \/>\n\t<a href=\"x&#99;&#97;&#x73;&#x74;&#x69;&#x6c;l&#111;&#64;&#99;&#x6f;&#x6c;&#x65;gi&#111;&#115;&#x69;&#x63;&#x2e;cl\" target=\"_top\"><br \/>\n\t\t<i class=\"vc_btn3-icon fa fa-envelope\"><\/i><br \/>\n\t<\/a><br \/>\n<\/div><\/div>\n\t\t\t\t\t\t\t<\/div>\n\t\t\t<\/div>\n\t\t<div class=\"thb-team-member small-12 medium-4 large-2 columns member_style2\">\n\t\t<img width=\"600\" height=\"700\" src=\"http:\/\/sanignacioconcepcion.cl\/sitio\/wp-content\/uploads\/2025\/02\/KBERRIOS25.jpg\" class=\"attachment-full\" alt=\"\" loading=\"lazy\" \/>\t\t\t\t\t<div class=\"team-information\">\n\t\t\t\t<h6>Karen Berrios<\/h6>\n\t\t\t\t<p class=\"job-title\">Porter\u00eda<\/p>\n\t\t\t\t\t\t\t\t<div class=\"thb-description\"><div class=\"email\"><br \/>\n\t<a href=\"&#109;&#x61;i&#108;&#x74;&#111;&#x3a;k&#98;&#x65;r&#x72;&#x69;&#111;&#x73;&#64;&#99;&#x6f;l&#x65;&#x67;&#105;&#x6f;s&#105;&#x63;&#46;&#x63;l\" target=\"_top\"><br \/>\n\t\t<i class=\"vc_btn3-icon fa fa-envelope\"><\/i><br \/>\n\t<\/a><br \/>\n<\/div><\/div>\n\t\t\t\t\t\t\t<\/div>\n\t\t\t<\/div>\n\t\t<div class=\"thb-team-member small-12 medium-4 large-2 columns member_style2\">\n\t\t<img width=\"600\" height=\"700\" src=\"http:\/\/sanignacioconcepcion.cl\/sitio\/wp-content\/uploads\/2022\/01\/LROMERO.jpg\" class=\"attachment-full\" alt=\"\" loading=\"lazy\" \/>\t\t\t\t\t<div class=\"team-information\">\n\t\t\t\t<h6>Leslie Romero<\/h6>\n\t\t\t\t<p class=\"job-title\">Asistente Ciclo Loyola<\/p>\n\t\t\t\t\t\t\t\t<div class=\"thb-description\"><div class=\"email\"><br \/>\n\t<a href=\"&#108;&#x72;&#111;&#x6d;&#101;&#x72;&#111;&#x40;c&#x6f;l&#x65;g&#x69;o&#115;&#x69;&#99;&#x2e;&#99;&#x6c;\" target=\"_top\"><br \/>\n\t\t<i class=\"vc_btn3-icon fa fa-envelope\"><\/i><br \/>\n\t<\/a><br \/>\n<\/div><\/div>\n\t\t\t\t\t\t\t<\/div>\n\t\t\t<\/div>\n\t\t<div class=\"thb-team-member small-12 medium-4 large-2 columns member_style2\">\n\t\t<img width=\"600\" height=\"700\" src=\"http:\/\/sanignacioconcepcion.cl\/sitio\/wp-content\/uploads\/2024\/03\/aperez24.jpg\" class=\"attachment-full\" alt=\"\" loading=\"lazy\" \/>\t\t\t\t\t<div class=\"team-information\">\n\t\t\t\t<h6>Andrea P\u00e9rez<\/h6>\n\t\t\t\t<p class=\"job-title\">Asistente Ciclos Loyola-Manresa<\/p>\n\t\t\t\t\t\t\t\t<div class=\"thb-description\"><div class=\"email\"><br \/>\n\t<a href=\"a&#112;&#101;&#x72;&#x65;&#x7a;&#64;&#99;&#111;&#x6c;&#x65;&#x67;io&#115;&#x69;&#x63;&#x2e;cl\" target=\"_top\"><br \/>\n\t\t<i class=\"vc_btn3-icon fa fa-envelope\"><\/i><br \/>\n\t<\/a><br \/>\n<\/div><\/div>\n\t\t\t\t\t\t\t<\/div>\n\t\t\t<\/div>\n\t\t<div class=\"thb-team-member small-12 medium-4 large-2 columns member_style2\">\n\t\t<img width=\"600\" height=\"700\" src=\"http:\/\/sanignacioconcepcion.cl\/sitio\/wp-content\/uploads\/2022\/01\/SSEPULVEDA.jpg\" class=\"attachment-full\" alt=\"\" loading=\"lazy\" \/>\t\t\t\t\t<div class=\"team-information\">\n\t\t\t\t<h6>Sally Sep\u00falveda<\/h6>\n\t\t\t\t<p class=\"job-title\">Asistente Ciclo Manresa<\/p>\n\t\t\t\t\t\t\t\t<div class=\"thb-description\"><div class=\"email\"><br \/>\n\t<a href=\"&#x73;&#x73;&#x65;&#112;&#117;lv&#x65;&#x64;&#x61;&#64;&#99;ol&#x65;&#x67;&#x69;&#111;&#115;ic&#x2e;&#x63;&#x6c;\" target=\"_top\"><br \/>\n\t\t<i class=\"vc_btn3-icon fa fa-envelope\"><\/i><br \/>\n\t<\/a><br \/>\n<\/div><\/div>\n\t\t\t\t\t\t\t<\/div>\n\t\t\t<\/div>\n\t\t<div class=\"thb-team-member small-12 medium-4 large-2 columns member_style2\">\n\t\t<img width=\"600\" height=\"700\" src=\"http:\/\/sanignacioconcepcion.cl\/sitio\/wp-content\/uploads\/2023\/02\/TULLOA2.jpg\" class=\"attachment-full\" alt=\"\" loading=\"lazy\" \/>\t\t\t\t\t<div class=\"team-information\">\n\t\t\t\t<h6>Tania Ulloa<\/h6>\n\t\t\t\t<p class=\"job-title\">Asistente Ciclo Roma<\/p>\n\t\t\t\t\t\t\t\t<div class=\"thb-description\"><div class=\"email\"><br \/>\n\t<a href=\"&#116;&#x75;&#108;&#x6c;&#111;&#x61;&#64;&#x63;&#111;&#x6c;&#101;&#x67;i&#x6f;s&#x69;c&#x2e;c&#x6c;\" target=\"_top\"><br \/>\n\t\t<i class=\"vc_btn3-icon fa fa-envelope\"><\/i><br \/>\n\t<\/a><br \/>\n<\/div><\/div>\n\t\t\t\t\t\t\t<\/div>\n\t\t\t<\/div>\n\t\t<div class=\"thb-team-member small-12 medium-4 large-2 columns member_style2\">\n\t\t<img width=\"600\" height=\"700\" src=\"http:\/\/sanignacioconcepcion.cl\/sitio\/wp-content\/uploads\/2021\/04\/CSCHWANNER2.jpg\" class=\"attachment-full\" alt=\"\" loading=\"lazy\" \/>\t\t\t\t\t<div class=\"team-information\">\n\t\t\t\t<h6>Claudio Schwaner<\/h6>\n\t\t\t\t<p class=\"job-title\">Asistente Ciclo Roma<\/p>\n\t\t\t\t\t\t\t\t<div class=\"thb-description\"><div class=\"email\"><br \/>\n\t<a href=\"&#99;&#115;&#x63;h&#119;&#x61;&#x6e;e&#114;&#x40;&#x63;o&#108;&#x65;&#x67;i&#111;&#x73;&#x69;c&#46;&#x63;&#x6c;\" target=\"_top\"><br \/>\n\t\t<i class=\"vc_btn3-icon fa fa-envelope\"><\/i><br \/>\n\t<\/a><br \/>\n<\/div><\/div>\n\t\t\t\t\t\t\t<\/div>\n\t\t\t<\/div>\n\t\t<div class=\"thb-team-member small-12 medium-4 large-2 columns member_style2\">\n\t\t<img width=\"600\" height=\"700\" src=\"http:\/\/sanignacioconcepcion.cl\/sitio\/wp-content\/uploads\/2025\/02\/MARIELA25.jpg\" class=\"attachment-full\" alt=\"\" loading=\"lazy\" \/>\t\t\t\t\t<div class=\"team-information\">\n\t\t\t\t<h6>Mariela Herrera<\/h6>\n\t\t\t\t<p class=\"job-title\">Asistente Ciclo Roma<\/p>\n\t\t\t\t\t\t\t\t<div class=\"thb-description\"><div class=\"email\"><br \/>\n\t<a href=\"m&#104;&#x65;&#x72;&#x72;e&#114;&#x61;&#x40;&#x63;o&#108;&#x65;&#x67;&#x69;o&#115;&#x69;&#x63;&#x2e;c&#108;\" target=\"_top\"><br \/>\n\t\t<i class=\"vc_btn3-icon fa fa-envelope\"><\/i><br \/>\n\t<\/a><br \/>\n<\/div><\/div>\n\t\t\t\t\t\t\t<\/div>\n\t\t\t<\/div>\n\t\t\t<\/div>\n\t<\/div>\n\t[\/vc_column_inner][\/vc_row_inner][\/vc_column][\/vc_row][vc_row][vc_column width=\u00bb1\/4&#8243;]\t<div id=\"thb-team-37\" class=\"thb-team-row\">\n\t\t<div class=\"row style1\" data-columns=\"medium-4 large-2\" data-center=\"true\" data-navigation=\"true\">\n\t\t\t\t\t<\/div>\n\t<\/div>\n\t[\/vc_column][vc_column width=\u00bb3\/4&#8243;][\/vc_column][\/vc_row][vc_row][vc_column][vc_empty_space height=\u00bb100px\u00bb][\/vc_column][\/vc_row][vc_row][vc_column][vc_empty_space height=\u00bb100px\u00bb][\/vc_column][\/vc_row]<\/p>\n","protected":false},"excerpt":{"rendered":"<p>[vc_row thb_full_width=\u00bbtrue\u00bb thb_row_padding=\u00bbtrue\u00bb thb_column_padding=\u00bbtrue\u00bb css=\u00bb.vc_custom_1570111890857{background-image: url(http:\/\/sanignacioconcepcion.cl\/sitio\/wp-content\/uploads\/2019\/10\/banner-superior01.jpg?id=134) !important;background-position: center !important;background-repeat: no-repeat !important;background-size: cover !important;}\u00bb el_class=\u00bbbanner-superior\u00bb][vc_column][\/vc_column][\/vc_row][vc_row el_class=\u00bbcontenedor-titulo-pagina align-center\u00bb][vc_column width=\u00bb11\/12&#8243;][vc_column_text] Convivencia Escolar [\/vc_column_text][\/vc_column][\/vc_row][vc_row el_class=\u00bbalign-center\u00bb][vc_column width=\u00bb11\/12&#8243; el_class=\u00bbcontenedor-paginas-interiores\u00bb][vc_row_inner][vc_column_inner el_class=\u00bbmenu-lateral\u00bb width=\u00bb1\/4&#8243;][vc_widget_sidebar sidebar_id=\u00bbfooter4&#8243;][\/vc_column_inner][vc_column_inner width=\u00bb3\/4&#8243;][vc_column_text] Convivencia Escolar [\/vc_column_text][vc_column_text]El equipo de Convivencia Escolar est\u00e1 comprometido con la construcci\u00f3n de un entorno educativo basado en el respeto, la inclusi\u00f3n y el bienestar de toda la&hellip;<\/p>\n","protected":false},"author":1,"featured_media":0,"parent":0,"menu_order":0,"comment_status":"closed","ping_status":"closed","template":"","meta":[],"_links":{"self":[{"href":"http:\/\/sanignacioconcepcion.cl\/sitio\/wp-json\/wp\/v2\/pages\/9642"}],"collection":[{"href":"http:\/\/sanignacioconcepcion.cl\/sitio\/wp-json\/wp\/v2\/pages"}],"about":[{"href":"http:\/\/sanignacioconcepcion.cl\/sitio\/wp-json\/wp\/v2\/types\/page"}],"author":[{"embeddable":true,"href":"http:\/\/sanignacioconcepcion.cl\/sitio\/wp-json\/wp\/v2\/users\/1"}],"replies":[{"embeddable":true,"href":"http:\/\/sanignacioconcepcion.cl\/sitio\/wp-json\/wp\/v2\/comments?post=9642"}],"version-history":[{"count":6,"href":"http:\/\/sanignacioconcepcion.cl\/sitio\/wp-json\/wp\/v2\/pages\/9642\/revisions"}],"predecessor-version":[{"id":9799,"href":"http:\/\/sanignacioconcepcion.cl\/sitio\/wp-json\/wp\/v2\/pages\/9642\/revisions\/9799"}],"wp:attachment":[{"href":"http:\/\/sanignacioconcepcion.cl\/sitio\/wp-json\/wp\/v2\/media?parent=9642"}],"curies":[{"name":"wp","href":"https:\/\/api.w.org\/{rel}","templated":true}]}}